{"id":1386,"date":"2017-09-07T01:41:08","date_gmt":"2017-09-07T01:41:08","guid":{"rendered":"https:\/\/tiendadeargan.es\/blog\/?page_id=1386"},"modified":"2017-09-07T12:14:32","modified_gmt":"2017-09-07T12:14:32","slug":"politica-de-privacidad","status":"publish","type":"page","link":"https:\/\/tiendadeargan.es\/blog\/politica-de-privacidad\/","title":{"rendered":"Pol\u00edtica de Privacidad"},"content":{"rendered":"<p>Nuestra pol\u00edtica de privacidad determina claramente el tipo de informaci\u00f3n personal que recibimos y almacenamos cuando usted haga uso de nuestro servicio. Adem\u00e1s de ello, queremos indicarle las medidas que llevamos a cabo para asegurar su privacidad.<\/p>\n<p>En tiendadeargan.es, la informaci\u00f3n com\u00fan sobre los usuarios, tal como qu\u00e9 p\u00e1ginas se leen m\u00e1s a menudo, se mantendr\u00e1 sin la identificaci\u00f3n de los usuarios. tiendadeargan.es utiliza las llamadas \u201ccookies\u201d para ello. Las \u201cCookies\u201d son peque\u00f1os documentos que una p\u00e1gina web deja en tu ordenador. tiendadeargan.es utiliza cookies para facilitar la navegaci\u00f3n en la p\u00e1gina, lo que hace su visita a la misma mucho m\u00e1s agradable.<\/p>\n<p>La informaci\u00f3n personal de nuestros usuarios es tratada y se almacena con sumo cuidado. Toda la informaci\u00f3n recogida por tiendadeargan.es se mantiene en estricto secreto y no se presta, alquila, vende o se da a conocer de otras maneras. En ciertas situaciones, podemos dar la entrada de terceros a nuestra informaci\u00f3n personal. S\u00f3lo se har\u00e1 en caso de procedimiento legal o para prevenir el fraude o un da\u00f1o inminente.<\/p>\n<p>Puede ajustar su navegador (ya sea Explorer o Firefox) para rechazar todas o determinadas cookies. Si rechaza todas las cookies es posible que ciertos servicios no est\u00e9n disponibles.<\/p>\n<p>La informaci\u00f3n personal sobre nuestros usuarios se trata y almacena con el m\u00e1ximo cuidado. Toda la informaci\u00f3n recopilada por tiendadeargan.es se mantene en estricto secreto y no se env\u00eda, alquila, vende o publica de ninguna manera. En ciertas situaciones podr\u00edamos ceder a terceras partes el acceso a su informaci\u00f3n personal. S\u00f3lo har\u00edamos esto en caso de procedimientos legales, prevenci\u00f3n de fraudes o da\u00f1o inminente.<\/p>\n<p>Encontrar\u00e1s algunos enlaces a otras p\u00e1ginas web en tiendadeargan.es. tiendadeargan.es no es responsable de la manera en que estas terceras partes manejen tu informaci\u00f3n. Lee la pol\u00edtica de privacidad en las p\u00e1ginas que visites, si est\u00e1 disponible.<\/p>\n<p>tiendadeargan.es tiene el derecho de cambiar esta pol\u00edtica de privacidad. Lee dicha pol\u00edtica en tiendadeargan.es con frecuencia para revisar los posibles cambios.<\/p>\n","protected":false},"excerpt":{"rendered":"<p>Nuestra pol\u00edtica de privacidad determina claramente el tipo de informaci\u00f3n personal que recibimos y almacenamos cuando usted haga uso de nuestro servicio. Adem\u00e1s de ello, queremos indicarle las medidas que llevamos a cabo para asegurar su privacidad. En tiendadeargan.es, la informaci\u00f3n com\u00fan sobre los usuarios, tal como qu\u00e9 p\u00e1ginas se leen m\u00e1s a menudo, se [&hellip;]<\/p>\n","protected":false},"author":3,"featured_media":0,"parent":0,"menu_order":0,"comment_status":"closed","ping_status":"closed","template":"","meta":{"footnotes":""},"class_list":["post-1386","page","type-page","status-publish","hentry"],"yoast_head":"<!-- This site is optimized with the Yoast SEO plugin v25.0 - https:\/\/yoast.com\/wordpress\/plugins\/seo\/ -->\n<title>Pol\u00edtica de Privacidad<\/title>\n<meta name=\"robots\" content=\"index, follow, max-snippet:-1, max-image-preview:large, max-video-preview:-1\" \/>\n<link rel=\"canonical\" href=\"https:\/\/tiendadeargan.es\/blog\/politica-de-privacidad\/\" \/>\n<meta property=\"og:locale\" content=\"es_ES\" \/>\n<meta property=\"og:type\" content=\"article\" \/>\n<meta property=\"og:title\" content=\"Pol\u00edtica de Privacidad\" \/>\n<meta property=\"og:description\" content=\"Nuestra pol\u00edtica de privacidad determina claramente el tipo de informaci\u00f3n personal que recibimos y almacenamos cuando usted haga uso de nuestro servicio. Adem\u00e1s de ello, queremos indicarle las medidas que llevamos a cabo para asegurar su privacidad. En tiendadeargan.es, la informaci\u00f3n com\u00fan sobre los usuarios, tal como qu\u00e9 p\u00e1ginas se leen m\u00e1s a menudo, se [&hellip;]\" \/>\n<meta property=\"og:url\" content=\"https:\/\/tiendadeargan.es\/blog\/politica-de-privacidad\/\" \/>\n<meta property=\"og:site_name\" content=\"Tienda de Argan\" \/>\n<meta property=\"article:modified_time\" content=\"2017-09-07T12:14:32+00:00\" \/>\n<meta name=\"twitter:card\" content=\"summary_large_image\" \/>\n<meta name=\"twitter:label1\" content=\"Tiempo de lectura\" \/>\n\t<meta name=\"twitter:data1\" content=\"2 minutos\" \/>\n<script type=\"application\/ld+json\" class=\"yoast-schema-graph\">{\"@context\":\"https:\/\/schema.org\",\"@graph\":[{\"@type\":\"WebPage\",\"@id\":\"https:\/\/tiendadeargan.es\/blog\/politica-de-privacidad\/\",\"url\":\"https:\/\/tiendadeargan.es\/blog\/politica-de-privacidad\/\",\"name\":\"Pol\u00edtica de Privacidad\",\"isPartOf\":{\"@id\":\"https:\/\/tiendadeargan.es\/blog\/#website\"},\"datePublished\":\"2017-09-07T01:41:08+00:00\",\"dateModified\":\"2017-09-07T12:14:32+00:00\",\"breadcrumb\":{\"@id\":\"https:\/\/tiendadeargan.es\/blog\/politica-de-privacidad\/#breadcrumb\"},\"inLanguage\":\"es\",\"potentialAction\":[{\"@type\":\"ReadAction\",\"target\":[\"https:\/\/tiendadeargan.es\/blog\/politica-de-privacidad\/\"]}]},{\"@type\":\"BreadcrumbList\",\"@id\":\"https:\/\/tiendadeargan.es\/blog\/politica-de-privacidad\/#breadcrumb\",\"itemListElement\":[{\"@type\":\"ListItem\",\"position\":1,\"name\":\"Portada\",\"item\":\"https:\/\/tiendadeargan.es\/blog\/\"},{\"@type\":\"ListItem\",\"position\":2,\"name\":\"Pol\u00edtica de Privacidad\"}]},{\"@type\":\"WebSite\",\"@id\":\"https:\/\/tiendadeargan.es\/blog\/#website\",\"url\":\"https:\/\/tiendadeargan.es\/blog\/\",\"name\":\"Tienda de Argan\",\"description\":\"Ci La Calidad Cuenta\",\"publisher\":{\"@id\":\"https:\/\/tiendadeargan.es\/blog\/#organization\"},\"potentialAction\":[{\"@type\":\"SearchAction\",\"target\":{\"@type\":\"EntryPoint\",\"urlTemplate\":\"https:\/\/tiendadeargan.es\/blog\/?s={search_term_string}\"},\"query-input\":{\"@type\":\"PropertyValueSpecification\",\"valueRequired\":true,\"valueName\":\"search_term_string\"}}],\"inLanguage\":\"es\"},{\"@type\":\"Organization\",\"@id\":\"https:\/\/tiendadeargan.es\/blog\/#organization\",\"name\":\"TiendadeArgan.es\",\"url\":\"https:\/\/tiendadeargan.es\/blog\/\",\"logo\":{\"@type\":\"ImageObject\",\"inLanguage\":\"es\",\"@id\":\"https:\/\/tiendadeargan.es\/blog\/#\/schema\/logo\/image\/\",\"url\":\"https:\/\/tiendadeargan.es\/blog\/wp-content\/uploads\/2017\/08\/TiendaDeArgan_Normal.png\",\"contentUrl\":\"https:\/\/tiendadeargan.es\/blog\/wp-content\/uploads\/2017\/08\/TiendaDeArgan_Normal.png\",\"width\":300,\"height\":58,\"caption\":\"TiendadeArgan.es\"},\"image\":{\"@id\":\"https:\/\/tiendadeargan.es\/blog\/#\/schema\/logo\/image\/\"}}]}<\/script>\n<!-- \/ Yoast SEO plugin. -->","yoast_head_json":{"title":"Pol\u00edtica de Privacidad","robots":{"index":"index","follow":"follow","max-snippet":"max-snippet:-1","max-image-preview":"max-image-preview:large","max-video-preview":"max-video-preview:-1"},"canonical":"https:\/\/tiendadeargan.es\/blog\/politica-de-privacidad\/","og_locale":"es_ES","og_type":"article","og_title":"Pol\u00edtica de Privacidad","og_description":"Nuestra pol\u00edtica de privacidad determina claramente el tipo de informaci\u00f3n personal que recibimos y almacenamos cuando usted haga uso de nuestro servicio. Adem\u00e1s de ello, queremos indicarle las medidas que llevamos a cabo para asegurar su privacidad. En tiendadeargan.es, la informaci\u00f3n com\u00fan sobre los usuarios, tal como qu\u00e9 p\u00e1ginas se leen m\u00e1s a menudo, se [&hellip;]","og_url":"https:\/\/tiendadeargan.es\/blog\/politica-de-privacidad\/","og_site_name":"Tienda de Argan","article_modified_time":"2017-09-07T12:14:32+00:00","twitter_card":"summary_large_image","twitter_misc":{"Tiempo de lectura":"2 minutos"},"schema":{"@context":"https:\/\/schema.org","@graph":[{"@type":"WebPage","@id":"https:\/\/tiendadeargan.es\/blog\/politica-de-privacidad\/","url":"https:\/\/tiendadeargan.es\/blog\/politica-de-privacidad\/","name":"Pol\u00edtica de Privacidad","isPartOf":{"@id":"https:\/\/tiendadeargan.es\/blog\/#website"},"datePublished":"2017-09-07T01:41:08+00:00","dateModified":"2017-09-07T12:14:32+00:00","breadcrumb":{"@id":"https:\/\/tiendadeargan.es\/blog\/politica-de-privacidad\/#breadcrumb"},"inLanguage":"es","potentialAction":[{"@type":"ReadAction","target":["https:\/\/tiendadeargan.es\/blog\/politica-de-privacidad\/"]}]},{"@type":"BreadcrumbList","@id":"https:\/\/tiendadeargan.es\/blog\/politica-de-privacidad\/#breadcrumb","itemListElement":[{"@type":"ListItem","position":1,"name":"Portada","item":"https:\/\/tiendadeargan.es\/blog\/"},{"@type":"ListItem","position":2,"name":"Pol\u00edtica de Privacidad"}]},{"@type":"WebSite","@id":"https:\/\/tiendadeargan.es\/blog\/#website","url":"https:\/\/tiendadeargan.es\/blog\/","name":"Tienda de Argan","description":"Ci La Calidad Cuenta","publisher":{"@id":"https:\/\/tiendadeargan.es\/blog\/#organization"},"potentialAction":[{"@type":"SearchAction","target":{"@type":"EntryPoint","urlTemplate":"https:\/\/tiendadeargan.es\/blog\/?s={search_term_string}"},"query-input":{"@type":"PropertyValueSpecification","valueRequired":true,"valueName":"search_term_string"}}],"inLanguage":"es"},{"@type":"Organization","@id":"https:\/\/tiendadeargan.es\/blog\/#organization","name":"TiendadeArgan.es","url":"https:\/\/tiendadeargan.es\/blog\/","logo":{"@type":"ImageObject","inLanguage":"es","@id":"https:\/\/tiendadeargan.es\/blog\/#\/schema\/logo\/image\/","url":"https:\/\/tiendadeargan.es\/blog\/wp-content\/uploads\/2017\/08\/TiendaDeArgan_Normal.png","contentUrl":"https:\/\/tiendadeargan.es\/blog\/wp-content\/uploads\/2017\/08\/TiendaDeArgan_Normal.png","width":300,"height":58,"caption":"TiendadeArgan.es"},"image":{"@id":"https:\/\/tiendadeargan.es\/blog\/#\/schema\/logo\/image\/"}}]}},"_links":{"self":[{"href":"https:\/\/tiendadeargan.es\/blog\/wp-json\/wp\/v2\/pages\/1386","targetHints":{"allow":["GET"]}}],"collection":[{"href":"https:\/\/tiendadeargan.es\/blog\/wp-json\/wp\/v2\/pages"}],"about":[{"href":"https:\/\/tiendadeargan.es\/blog\/wp-json\/wp\/v2\/types\/page"}],"author":[{"embeddable":true,"href":"https:\/\/tiendadeargan.es\/blog\/wp-json\/wp\/v2\/users\/3"}],"replies":[{"embeddable":true,"href":"https:\/\/tiendadeargan.es\/blog\/wp-json\/wp\/v2\/comments?post=1386"}],"version-history":[{"count":0,"href":"https:\/\/tiendadeargan.es\/blog\/wp-json\/wp\/v2\/pages\/1386\/revisions"}],"wp:attachment":[{"href":"https:\/\/tiendadeargan.es\/blog\/wp-json\/wp\/v2\/media?parent=1386"}],"curies":[{"name":"wp","href":"https:\/\/api.w.org\/{rel}","templated":true}]}}